{"id":1276,"date":"2026-08-28T08:27:21","date_gmt":"2026-08-28T08:27:21","guid":{"rendered":"https:\/\/nefer.es\/?page_id=1276"},"modified":"2026-08-28T08:39:56","modified_gmt":"2026-08-28T08:39:56","slug":"terapia-transgeneracional-2","status":"publish","type":"page","link":"https:\/\/nefer.es\/index.php\/ca\/terapia-transgeneracional-2\/","title":{"rendered":"Ter\u00e0pia Transgeneracional"},"content":{"rendered":"<div class=\"wp-block-image\">\n<figure class=\"aligncenter is-resized\"><img loading=\"lazy\" decoding=\"async\" width=\"1024\" height=\"854\" src=\"https:\/\/nefer.es\/wp-content\/uploads\/2026\/03\/transgereracional-1024x854.jpg\" alt=\"\" class=\"wp-image-512\" style=\"aspect-ratio:1.1990875481790293;width:521px;height:auto\" srcset=\"https:\/\/nefer.es\/wp-content\/uploads\/2026\/03\/transgereracional-1024x854.jpg 1024w, https:\/\/nefer.es\/wp-content\/uploads\/2026\/03\/transgereracional-300x250.jpg 300w, https:\/\/nefer.es\/wp-content\/uploads\/2026\/03\/transgereracional-768x641.jpg 768w, https:\/\/nefer.es\/wp-content\/uploads\/2026\/03\/transgereracional-1536x1282.jpg 1536w, https:\/\/nefer.es\/wp-content\/uploads\/2026\/03\/transgereracional-2048x1709.jpg 2048w\" sizes=\"auto, (max-width: 1024px) 100vw, 1024px\" \/><\/figure>\n<\/div>\n\n\n<div style=\"height:30px\" aria-hidden=\"true\" class=\"wp-block-spacer\"><\/div>\n\n\n\n<h2 class=\"wp-block-heading has-text-align-center\">Qu\u00e8 \u00e9s aix\u00f2 del transgeneracional?<\/h2>\n\n\n\n<p class=\"has-text-align-center wp-block-paragraph\">Segur que has sentit a parlar que arrosseguem coses dels nostres avantpassats sense saber-ho. A aix\u00f2 se li diu <strong>transgeneracional<\/strong>, o tamb\u00e9 <strong>her\u00e8ncia emocional<\/strong>.<\/p>\n\n\n\n<p class=\"has-text-align-center wp-block-paragraph\">La idea de fons \u00e9s senzilla: aquells problemes que els nostres avantpassats no van poder resoldre, d\u2019alguna manera, ens arriben a nosaltres. No \u00e9s que ho facin amb mala intenci\u00f3, sin\u00f3 tot el contrari. \u00c9s com si aquestes experi\u00e8ncies dif\u00edcils deixessin una marca, una mena d\u2019alerta en l\u2019ADN, perqu\u00e8 els que venim despr\u00e9s estiguem m\u00e9s preparats i puguem sobreviure a situacions semblants.<\/p>\n\n\n\n<p class=\"has-text-align-center wp-block-paragraph\">Posem-ne un exemple. Imagina que tens problemes per mantenir una relaci\u00f3 de parella. Pot ser que, sense saber-ho, la teva \u00e0via visqu\u00e9s un matrimoni marcat per les infidelitats o el maltractament. Ella, per les circumst\u00e0ncies que fossin, no va poder fer res per canviar-ho i, sense voler, va transmetre a les generacions seg\u00fcents aquesta desconfian\u00e7a envers els homes.<\/p>\n\n\n\n<p class=\"has-text-align-center wp-block-paragraph\">Aix\u00f2 passa en totes les fam\u00edlies, perqu\u00e8 en totes <strong>hi ha hagut hist\u00f2ries dif\u00edcils, moments que van quedar sense tancar i que, sense adonar-nos-en, formen part del nostre llegat.<\/strong><\/p>\n\n\n\n<p class=\"has-text-align-center wp-block-paragraph\">S\u00f3n com hist\u00f2ries familiars que els nostres avantpassats van viure com un bloqueig, alguna cosa que els va impedir ser feli\u00e7os. I aquestes viv\u00e8ncies es converteixen en una mena de lli\u00e7\u00f3 que passa d\u2019uns als altres, encara que de vegades la manera d\u2019\u00abaprendre-la\u00bb no sigui la m\u00e9s encertada.<\/p>\n\n\n\n<p class=\"wp-block-paragraph\">Aquestes hist\u00f2ries solen reapar\u00e8ixer en la fam\u00edlia de dues maneres: repetint-les o intentant compensar-les.<\/p>\n\n\n\n<p class=\"has-text-align-center wp-block-paragraph\">Vegem-ho amb un altre exemple. Suposa que el teu avi matern ho va perdre tot per culpa del joc.<\/p>\n\n\n\n<ul class=\"wp-block-list\">\n<li><strong>La repetici\u00f3:<\/strong> seria que el teu germ\u00e0 tamb\u00e9 es torna addicte al joc i acaba perdent l\u2019her\u00e8ncia familiar.<\/li>\n\n\n\n<li><strong>La compensaci\u00f3:<\/strong> seria que el teu oncle matern, potser, es fa banquer per acumular una gran fortuna, o advocat per protegir el patrimoni de la fam\u00edlia.<\/li>\n<\/ul>\n\n\n\n<p class=\"has-text-align-center wp-block-paragraph\">La repetici\u00f3 \u00e9s m\u00e9s evident. La compensaci\u00f3, en canvi, \u00e9s m\u00e9s subtil: \u00e9s un intent inconscient de reparar all\u00f2 que una altra persona no va poder aconseguir.<\/p>\n\n\n\n<p class=\"has-text-align-center wp-block-paragraph\">D\u2019una manera o altra, la persona queda marcada per aquesta hist\u00f2ria familiar mentre no en sigui conscient. Per aix\u00f2, de vegades, tamb\u00e9 es parla de \u00abmandats familiars\u00bb.<\/p>\n\n\n\n<div style=\"height:26px\" aria-hidden=\"true\" class=\"wp-block-spacer\"><\/div>\n\n\n\n<p class=\"has-text-align-center wp-block-paragraph\"><strong><mark style=\"background-color:rgba(0, 0, 0, 0)\" class=\"has-inline-color has-neve-link-color-color\"><strong>I d\u2019on sorgeixen aquests mandats?<\/strong><\/mark><\/strong><\/p>\n\n\n\n<p class=\"has-text-align-center wp-block-paragraph\">Poden tenir un origen molt variat: avortaments no superats, agressions sexuals, emigracions for\u00e7oses que van trencar la fam\u00edlia, addiccions, morts tr\u00e0giques, temes dels quals no es podia parlar, dificultats per prosperar socialment o econ\u00f2micament, infidelitats, p\u00e8rdues de patrimoni&#8230; qualsevol cosa que deix\u00e9s una ferida profunda.<\/p>\n\n\n\n<div style=\"height:29px\" aria-hidden=\"true\" class=\"wp-block-spacer\"><\/div>\n\n\n\n<p class=\"has-text-align-center wp-block-paragraph\"><strong><mark style=\"background-color:rgba(0, 0, 0, 0)\" class=\"has-inline-color has-neve-link-color-color\"><strong>Per\u00f2, per qu\u00e8 dimonis repetim aquests patrons?<\/strong><\/mark><\/strong><\/p>\n\n\n\n<p class=\"has-text-align-center wp-block-paragraph\">Doncs per una q\u00fcesti\u00f3 de lleialtat a la fam\u00edlia. I el m\u00e9s curi\u00f3s \u00e9s que \u00e9s una lleialtat de la qual ni tan sols som conscients. Si no ens aturem a observar-ho, seguir aquestes lleialtats invisibles ens impedeix viure la nostra pr\u00f2pia vida. Ens convertim, sense saber-ho, en la veu d\u2019algun avantpassat que no va poder trobar la pau, que no va poder integrar all\u00f2 que li va passar. Sobretot si aquella viv\u00e8ncia va estar plena de patiment, resignaci\u00f3 o silenci. Perqu\u00e8 abans, la cultura manava callar les coses dolentes i aguantar.<\/p>\n\n\n\n<p class=\"has-text-align-center wp-block-paragraph\">I quan aquestes hist\u00f2ries se silencien dins de la fam\u00edlia, es converteixen en <strong>secrets familiars<\/strong>. I resulta que tenir un secret a casa genera molta tensi\u00f3. Tant, que tard o d\u2019hora acaba esclatant, per\u00f2 d\u2019una manera poc saludable, manifestant-se a trav\u00e9s de problemes o dolors en algun descendent.<\/p>\n\n\n\n<p class=\"has-text-align-center wp-block-paragraph\">El m\u00e9s paradoxal \u00e9s que, al contrari, quan aquest secret surt a la llum, se\u2019n parla i \u00e9s acollit, perd el seu poder com a mandat i es trenca aquesta lleialtat inconscient que ens mantenia lligats.<\/p>\n\n\n\n<div style=\"height:35px\" aria-hidden=\"true\" class=\"wp-block-spacer\"><\/div>\n\n\n\n<p class=\"has-text-align-center wp-block-paragraph\"><strong><mark style=\"background-color:rgba(0, 0, 0, 0)\" class=\"has-inline-color has-neve-link-color-color\"><strong>I per a qu\u00e8 serveix la Ter\u00e0pia Transgeneracional?<\/strong><\/mark><\/strong><\/p>\n\n\n\n<p class=\"has-text-align-center wp-block-paragraph\">Les persones que acudeixen a aquest tipus de ter\u00e0pia solen sentir una limitaci\u00f3 que no acaben d\u2019entendre, perqu\u00e8 senten que aquell problema no els pertany del tot. El que passa \u00e9s que, a trav\u00e9s dels seus s\u00edmptomes, estan revivint el conflicte d\u2019un avantpassat, ja sigui repetint-lo o compensant-lo.<\/p>\n\n\n\n<p class=\"wp-block-paragraph\">De vegades \u00e9s molt directe: alg\u00fa \u00e9s alcoh\u00f2lic perqu\u00e8 va tenir un familiar que tamb\u00e9 ho era. Altres vegades \u00e9s m\u00e9s subtil: potser el teu pare es va haver de mudar de casa mil vegades per problemes econ\u00f2mics i tu, tot i tenir estabilitat econ\u00f2mica, tamb\u00e9 canvies de casa cont\u00ednuament perqu\u00e8 acumules separacions de parella.<\/p>\n\n\n\n<p class=\"has-text-align-center wp-block-paragraph\">La ter\u00e0pia transgeneracional el que fa \u00e9s unir aquests fragments de la hist\u00f2ria familiar perqu\u00e8 tot adquireixi sentit i, finalment, puguem sentir-nos m\u00e9s en pau. Perqu\u00e8 nom\u00e9s quan som conscients del que va passar i acceptem que no ho podem canviar, deixem d\u2019estar ancorats a aquella lleialtat inconscient i comencem a actuar d\u2019una altra manera, amb m\u00e9s llibertat.<\/p>\n\n\n<div class=\"wp-block-image\">\n<figure class=\"aligncenter size-full is-resized\"><img loading=\"lazy\" decoding=\"async\" width=\"1024\" height=\"559\" src=\"https:\/\/nefer.es\/wp-content\/uploads\/2026\/03\/image-20.png\" alt=\"\" class=\"wp-image-536\" style=\"aspect-ratio:1.8319211157768447;width:437px;height:auto\" srcset=\"https:\/\/nefer.es\/wp-content\/uploads\/2026\/03\/image-20.png 1024w, https:\/\/nefer.es\/wp-content\/uploads\/2026\/03\/image-20-300x164.png 300w, https:\/\/nefer.es\/wp-content\/uploads\/2026\/03\/image-20-768x419.png 768w\" sizes=\"auto, (max-width: 1024px) 100vw, 1024px\" \/><\/figure>\n<\/div>\n\n\n<div style=\"height:35px\" aria-hidden=\"true\" class=\"wp-block-spacer\"><\/div>\n\n\n\n<p class=\"has-text-align-center wp-block-paragraph\"><strong><mark style=\"background-color:rgba(0, 0, 0, 0)\" class=\"has-inline-color has-neve-link-color-color\"><strong>Aleshores, com es sana tot aix\u00f2?<\/strong><\/mark><\/strong><\/p>\n\n\n\n<p class=\"has-text-align-center wp-block-paragraph\">M\u00e9s que de \u00absanar\u00bb, parlem de <strong>transcendir<\/strong>. Es tracta de connectar de manera sana amb el dest\u00ed dels qui van venir abans per poder donar un sentit ple a la nostra pr\u00f2pia vida.<\/p>\n\n\n\n<p class=\"has-text-align-center wp-block-paragraph\">En la ter\u00e0pia utilitzem una eina molt visual: l\u2019arbre transgeneracional o arbre geneal\u00f2gic. Serveix per mirar la nostra fam\u00edlia d\u2019una altra manera i descobrir aquests secrets i aquestes lleialtats ocultes. Prendre consci\u00e8ncia que existeix un conflicte que es repeteix \u00e9s el primer pas per alliberar-nos d\u2019aquest pes que ens limita i, finalment, poder ser qui realment volem ser.<\/p>\n\n\n\n<div style=\"height:35px\" aria-hidden=\"true\" class=\"wp-block-spacer\"><\/div>\n\n\n\n<p class=\"has-text-align-center wp-block-paragraph\"><strong><mark style=\"background-color:rgba(0, 0, 0, 0)\" class=\"has-inline-color has-neve-link-color-color\">Qu\u00e8 fa especial aquesta ter\u00e0pia?<\/mark><\/strong><\/p>\n\n\n\n<p class=\"has-text-align-center wp-block-paragraph\">El que \u00e9s bonic de l\u2019enfocament transgeneracional \u00e9s que no ens veu com a individus a\u00efllats, sin\u00f3 com a part d\u2019alguna cosa m\u00e9s gran: la nostra fam\u00edlia, el nostre sistema. La idea \u00e9s que, d\u2019alguna manera, en sanar la hist\u00f2ria familiar, ens sanem a nosaltres mateixos. I prendre consci\u00e8ncia d\u2019aquest sistema ens dona el poder per agafar les regnes de la nostra vida.<\/p>\n\n\n\n<p class=\"has-text-align-center wp-block-paragraph\">A m\u00e9s, \u00e9s una ter\u00e0pia que mira cap endavant. Perqu\u00e8 quan ens alliberem d\u2019aquestes lligams, quan trenquem amb els mandats i els secrets, no nom\u00e9s ens ajudem a nosaltres mateixos, sin\u00f3 que tamb\u00e9 \u00abnetegem\u00bb el cam\u00ed per a les generacions que venen. \u00c9s un regal que fem als nostres fills.<\/p>\n\n\n\n<div style=\"height:34px\" aria-hidden=\"true\" class=\"wp-block-spacer\"><\/div>\n\n\n\n<p class=\"has-text-align-center wp-block-paragraph\"><strong><mark style=\"background-color:rgba(0, 0, 0, 0)\" class=\"has-inline-color has-neve-link-color-color\"><strong>I com es transmet tot aix\u00f2? T\u00e9 alguna base cient\u00edfica?<\/strong><\/mark><\/strong><\/p>\n\n\n\n<p class=\"has-text-align-center wp-block-paragraph\">Aqu\u00ed \u00e9s on entra una cosa fascinant: l\u2019<strong>epigen\u00e8tica<\/strong>. Fins no fa gaire, es pensava que nom\u00e9s heret\u00e0vem els gens. Per\u00f2 avui sabem que l\u2019entorn, l\u2019estr\u00e8s i la nutrici\u00f3 tamb\u00e9 influeixen en la manera com s\u2019expressen aquests gens. \u00c9s a dir, podem heretar les \u00abmarques\u00bb que van deixar les experi\u00e8ncies dels nostres avantpassats, sense que l\u2019ADN canvi\u00ef.<\/p>\n\n\n\n<p class=\"wp-block-paragraph\">Per exemple, el professor Marcus Pembrey, de la University College de Londres, va descobrir que un mateix gen defectu\u00f3s podia provocar malalties diferents depenent de si s\u2019heretava de la mare o del pare. Aix\u00f2 canvia la visi\u00f3 que els gens s\u00f3n un dest\u00ed fix. M\u00e9s aviat, els gens tenen una mena d\u2019\u00abinterruptor de mem\u00f2ria\u00bb que s\u2019activa o es desactiva amb les experi\u00e8ncies i que pot passar aix\u00ed de generaci\u00f3 en generaci\u00f3.<\/p>\n\n\n\n<p class=\"has-text-align-center wp-block-paragraph\">En resum: els traumes dels nostres avantpassats poden influir en la manera com responem a l\u2019estr\u00e8s o als conflictes, encara que nosaltres no h\u00e0gim viscut directament aquestes experi\u00e8ncies.<\/p>\n\n\n\n<div style=\"height:35px\" aria-hidden=\"true\" class=\"wp-block-spacer\"><\/div>\n\n\n\n<p class=\"has-text-align-center wp-block-paragraph\"><strong><mark style=\"background-color:rgba(0, 0, 0, 0)\" class=\"has-inline-color has-neve-link-color-color\">I aqu\u00ed entren els secrets de fam\u00edlia<\/mark><\/strong><\/p>\n\n\n\n<p class=\"has-text-align-center wp-block-paragraph\">Avui sabem que parlar de les coses \u00e9s sa, per\u00f2 continua sent dif\u00edcil. Qui no ha dit alguna vegada \u00abb\u00e9, b\u00e9\u00bb quan li pregunten com est\u00e0 i, en realitat, no ho est\u00e0? Qui no ha posat alguna excusa per no anar al psic\u00f2leg?<\/p>\n\n\n\n<p class=\"wp-block-paragraph\">Si ara costa, imagina\u2019t fa unes d\u00e8cades, quan la norma era patir en silenci i, a m\u00e9s, sentir-se avergonyit per aix\u00f2. Per aquest motiu, a cada fam\u00edlia hi ha secrets. A cada arbre geneal\u00f2gic hi ha hist\u00f2ries que es van guardar en un calaix i es van anar omplint de pols: un adulteri, un fill fora del matrimoni, un familiar amb greus problemes amb l\u2019alcohol, una mort violenta&#8230;<\/p>\n\n\n\n<p class=\"has-text-align-center wp-block-paragraph\">El problema \u00e9s que, per molt que s\u2019amaguin, aquests traumes sempre acaben reapareixent. Alg\u00fa, sense voler, obre el calaix. I algun membre de la fam\u00edlia, en la generaci\u00f3 seg\u00fcent, reviu el conflicte, donant continu\u00eftat a aquella ferida que mai no es va tancar.<\/p>\n","protected":false},"excerpt":{"rendered":"<p>Qu\u00e8 \u00e9s aix\u00f2 del transgeneracional? Segur que has sentit a parlar que arrosseguem coses dels nostres avantpassats sense saber-ho. A aix\u00f2 se li diu transgeneracional, o tamb\u00e9 her\u00e8ncia emocional. La idea de fons \u00e9s senzilla: aquells problemes que els nostres avantpassats no van poder resoldre, d\u2019alguna manera, ens arriben a nosaltres. No \u00e9s que ho&hellip;&nbsp;<\/p>\n","protected":false},"author":1,"featured_media":0,"parent":0,"menu_order":0,"comment_status":"closed","ping_status":"closed","template":"","meta":{"neve_meta_sidebar":"","neve_meta_container":"","neve_meta_enable_content_width":"","neve_meta_content_width":0,"neve_meta_title_alignment":"","neve_meta_author_avatar":"","neve_post_elements_order":"","neve_meta_disable_header":"","neve_meta_disable_footer":"","neve_meta_disable_title":"","footnotes":""},"class_list":["post-1276","page","type-page","status-publish","hentry"],"yoast_head":"<!-- This site is optimized with the Yoast SEO plugin v28.4 - https:\/\/yoast.com\/product\/yoast-seo-wordpress\/ -->\n<title>Ter\u00e0pia Transgeneracional - centre nefer<\/title>\n<meta name=\"robots\" content=\"index, follow, max-snippet:-1, max-image-preview:large, max-video-preview:-1\" \/>\n<link rel=\"canonical\" href=\"https:\/\/nefer.es\/index.php\/ca\/terapia-transgeneracional-2\/\" \/>\n<meta property=\"og:locale\" content=\"es_ES\" \/>\n<meta property=\"og:type\" content=\"article\" \/>\n<meta property=\"og:title\" content=\"Ter\u00e0pia Transgeneracional - centre nefer\" \/>\n<meta property=\"og:description\" content=\"Qu\u00e8 \u00e9s aix\u00f2 del transgeneracional? Segur que has sentit a parlar que arrosseguem coses dels nostres avantpassats sense saber-ho. A aix\u00f2 se li diu transgeneracional, o tamb\u00e9 her\u00e8ncia emocional. La idea de fons \u00e9s senzilla: aquells problemes que els nostres avantpassats no van poder resoldre, d\u2019alguna manera, ens arriben a nosaltres. No \u00e9s que ho&hellip;&nbsp;\" \/>\n<meta property=\"og:url\" content=\"https:\/\/nefer.es\/index.php\/ca\/terapia-transgeneracional-2\/\" \/>\n<meta property=\"og:site_name\" content=\"centre nefer\" \/>\n<meta property=\"article:modified_time\" content=\"2026-08-28T08:39:56+00:00\" \/>\n<meta property=\"og:image\" content=\"https:\/\/nefer.es\/wp-content\/uploads\/2026\/03\/transgereracional-1024x854.jpg\" \/>\n\t<meta property=\"og:image:width\" content=\"1024\" \/>\n\t<meta property=\"og:image:height\" content=\"854\" \/>\n\t<meta property=\"og:image:type\" content=\"image\/jpeg\" \/>\n<meta name=\"twitter:card\" content=\"summary_large_image\" \/>\n<meta name=\"twitter:label1\" content=\"Tiempo de lectura\" \/>\n\t<meta name=\"twitter:data1\" content=\"7 minutos\" \/>\n<script type=\"application\/ld+json\" class=\"yoast-schema-graph\">{\"@context\":\"https:\\\/\\\/schema.org\",\"@graph\":[{\"@type\":\"WebPage\",\"@id\":\"https:\\\/\\\/nefer.es\\\/index.php\\\/ca\\\/terapia-transgeneracional-2\\\/\",\"url\":\"https:\\\/\\\/nefer.es\\\/index.php\\\/ca\\\/terapia-transgeneracional-2\\\/\",\"name\":\"Ter\u00e0pia Transgeneracional - centre nefer\",\"isPartOf\":{\"@id\":\"https:\\\/\\\/nefer.es\\\/#website\"},\"primaryImageOfPage\":{\"@id\":\"https:\\\/\\\/nefer.es\\\/index.php\\\/ca\\\/terapia-transgeneracional-2\\\/#primaryimage\"},\"image\":{\"@id\":\"https:\\\/\\\/nefer.es\\\/index.php\\\/ca\\\/terapia-transgeneracional-2\\\/#primaryimage\"},\"thumbnailUrl\":\"https:\\\/\\\/nefer.es\\\/wp-content\\\/uploads\\\/2026\\\/03\\\/transgereracional-1024x854.jpg\",\"datePublished\":\"2026-08-28T08:27:21+00:00\",\"dateModified\":\"2026-08-28T08:39:56+00:00\",\"breadcrumb\":{\"@id\":\"https:\\\/\\\/nefer.es\\\/index.php\\\/ca\\\/terapia-transgeneracional-2\\\/#breadcrumb\"},\"inLanguage\":\"es\",\"potentialAction\":[{\"@type\":\"ReadAction\",\"target\":[\"https:\\\/\\\/nefer.es\\\/index.php\\\/ca\\\/terapia-transgeneracional-2\\\/\"]}]},{\"@type\":\"ImageObject\",\"inLanguage\":\"es\",\"@id\":\"https:\\\/\\\/nefer.es\\\/index.php\\\/ca\\\/terapia-transgeneracional-2\\\/#primaryimage\",\"url\":\"https:\\\/\\\/nefer.es\\\/wp-content\\\/uploads\\\/2026\\\/03\\\/transgereracional.jpg\",\"contentUrl\":\"https:\\\/\\\/nefer.es\\\/wp-content\\\/uploads\\\/2026\\\/03\\\/transgereracional.jpg\",\"width\":2385,\"height\":1990},{\"@type\":\"BreadcrumbList\",\"@id\":\"https:\\\/\\\/nefer.es\\\/index.php\\\/ca\\\/terapia-transgeneracional-2\\\/#breadcrumb\",\"itemListElement\":[{\"@type\":\"ListItem\",\"position\":1,\"name\":\"Portada\",\"item\":\"https:\\\/\\\/nefer.es\\\/\"},{\"@type\":\"ListItem\",\"position\":2,\"name\":\"Ter\u00e0pia Transgeneracional\"}]},{\"@type\":\"WebSite\",\"@id\":\"https:\\\/\\\/nefer.es\\\/#website\",\"url\":\"https:\\\/\\\/nefer.es\\\/\",\"name\":\"centre nefer\",\"description\":\"\",\"publisher\":{\"@id\":\"https:\\\/\\\/nefer.es\\\/#organization\"},\"potentialAction\":[{\"@type\":\"SearchAction\",\"target\":{\"@type\":\"EntryPoint\",\"urlTemplate\":\"https:\\\/\\\/nefer.es\\\/?s={search_term_string}\"},\"query-input\":{\"@type\":\"PropertyValueSpecification\",\"valueRequired\":true,\"valueName\":\"search_term_string\"}}],\"inLanguage\":\"es\"},{\"@type\":\"Organization\",\"@id\":\"https:\\\/\\\/nefer.es\\\/#organization\",\"name\":\"centre nefer\",\"url\":\"https:\\\/\\\/nefer.es\\\/\",\"logo\":{\"@type\":\"ImageObject\",\"inLanguage\":\"es\",\"@id\":\"https:\\\/\\\/nefer.es\\\/#\\\/schema\\\/logo\\\/image\\\/\",\"url\":\"https:\\\/\\\/nefer.es\\\/wp-content\\\/uploads\\\/2026\\\/03\\\/cropped-logo-isis-dual-natura-1.jpg\",\"contentUrl\":\"https:\\\/\\\/nefer.es\\\/wp-content\\\/uploads\\\/2026\\\/03\\\/cropped-logo-isis-dual-natura-1.jpg\",\"width\":711,\"height\":534,\"caption\":\"centre nefer\"},\"image\":{\"@id\":\"https:\\\/\\\/nefer.es\\\/#\\\/schema\\\/logo\\\/image\\\/\"}}]}<\/script>\n<!-- \/ Yoast SEO plugin. -->","yoast_head_json":{"title":"Ter\u00e0pia Transgeneracional - centre nefer","robots":{"index":"index","follow":"follow","max-snippet":"max-snippet:-1","max-image-preview":"max-image-preview:large","max-video-preview":"max-video-preview:-1"},"canonical":"https:\/\/nefer.es\/index.php\/ca\/terapia-transgeneracional-2\/","og_locale":"es_ES","og_type":"article","og_title":"Ter\u00e0pia Transgeneracional - centre nefer","og_description":"Qu\u00e8 \u00e9s aix\u00f2 del transgeneracional? Segur que has sentit a parlar que arrosseguem coses dels nostres avantpassats sense saber-ho. A aix\u00f2 se li diu transgeneracional, o tamb\u00e9 her\u00e8ncia emocional. La idea de fons \u00e9s senzilla: aquells problemes que els nostres avantpassats no van poder resoldre, d\u2019alguna manera, ens arriben a nosaltres. No \u00e9s que ho&hellip;&nbsp;","og_url":"https:\/\/nefer.es\/index.php\/ca\/terapia-transgeneracional-2\/","og_site_name":"centre nefer","article_modified_time":"2026-08-28T08:39:56+00:00","og_image":[{"width":1024,"height":854,"url":"https:\/\/nefer.es\/wp-content\/uploads\/2026\/03\/transgereracional-1024x854.jpg","type":"image\/jpeg"}],"twitter_card":"summary_large_image","twitter_misc":{"Tiempo de lectura":"7 minutos"},"schema":{"@context":"https:\/\/schema.org","@graph":[{"@type":"WebPage","@id":"https:\/\/nefer.es\/index.php\/ca\/terapia-transgeneracional-2\/","url":"https:\/\/nefer.es\/index.php\/ca\/terapia-transgeneracional-2\/","name":"Ter\u00e0pia Transgeneracional - centre nefer","isPartOf":{"@id":"https:\/\/nefer.es\/#website"},"primaryImageOfPage":{"@id":"https:\/\/nefer.es\/index.php\/ca\/terapia-transgeneracional-2\/#primaryimage"},"image":{"@id":"https:\/\/nefer.es\/index.php\/ca\/terapia-transgeneracional-2\/#primaryimage"},"thumbnailUrl":"https:\/\/nefer.es\/wp-content\/uploads\/2026\/03\/transgereracional-1024x854.jpg","datePublished":"2026-08-28T08:27:21+00:00","dateModified":"2026-08-28T08:39:56+00:00","breadcrumb":{"@id":"https:\/\/nefer.es\/index.php\/ca\/terapia-transgeneracional-2\/#breadcrumb"},"inLanguage":"es","potentialAction":[{"@type":"ReadAction","target":["https:\/\/nefer.es\/index.php\/ca\/terapia-transgeneracional-2\/"]}]},{"@type":"ImageObject","inLanguage":"es","@id":"https:\/\/nefer.es\/index.php\/ca\/terapia-transgeneracional-2\/#primaryimage","url":"https:\/\/nefer.es\/wp-content\/uploads\/2026\/03\/transgereracional.jpg","contentUrl":"https:\/\/nefer.es\/wp-content\/uploads\/2026\/03\/transgereracional.jpg","width":2385,"height":1990},{"@type":"BreadcrumbList","@id":"https:\/\/nefer.es\/index.php\/ca\/terapia-transgeneracional-2\/#breadcrumb","itemListElement":[{"@type":"ListItem","position":1,"name":"Portada","item":"https:\/\/nefer.es\/"},{"@type":"ListItem","position":2,"name":"Ter\u00e0pia Transgeneracional"}]},{"@type":"WebSite","@id":"https:\/\/nefer.es\/#website","url":"https:\/\/nefer.es\/","name":"centre nefer","description":"","publisher":{"@id":"https:\/\/nefer.es\/#organization"},"potentialAction":[{"@type":"SearchAction","target":{"@type":"EntryPoint","urlTemplate":"https:\/\/nefer.es\/?s={search_term_string}"},"query-input":{"@type":"PropertyValueSpecification","valueRequired":true,"valueName":"search_term_string"}}],"inLanguage":"es"},{"@type":"Organization","@id":"https:\/\/nefer.es\/#organization","name":"centre nefer","url":"https:\/\/nefer.es\/","logo":{"@type":"ImageObject","inLanguage":"es","@id":"https:\/\/nefer.es\/#\/schema\/logo\/image\/","url":"https:\/\/nefer.es\/wp-content\/uploads\/2026\/03\/cropped-logo-isis-dual-natura-1.jpg","contentUrl":"https:\/\/nefer.es\/wp-content\/uploads\/2026\/03\/cropped-logo-isis-dual-natura-1.jpg","width":711,"height":534,"caption":"centre nefer"},"image":{"@id":"https:\/\/nefer.es\/#\/schema\/logo\/image\/"}}]}},"_links":{"self":[{"href":"https:\/\/nefer.es\/index.php\/wp-json\/wp\/v2\/pages\/1276","targetHints":{"allow":["GET"]}}],"collection":[{"href":"https:\/\/nefer.es\/index.php\/wp-json\/wp\/v2\/pages"}],"about":[{"href":"https:\/\/nefer.es\/index.php\/wp-json\/wp\/v2\/types\/page"}],"author":[{"embeddable":true,"href":"https:\/\/nefer.es\/index.php\/wp-json\/wp\/v2\/users\/1"}],"replies":[{"embeddable":true,"href":"https:\/\/nefer.es\/index.php\/wp-json\/wp\/v2\/comments?post=1276"}],"version-history":[{"count":2,"href":"https:\/\/nefer.es\/index.php\/wp-json\/wp\/v2\/pages\/1276\/revisions"}],"predecessor-version":[{"id":1279,"href":"https:\/\/nefer.es\/index.php\/wp-json\/wp\/v2\/pages\/1276\/revisions\/1279"}],"wp:attachment":[{"href":"https:\/\/nefer.es\/index.php\/wp-json\/wp\/v2\/media?parent=1276"}],"curies":[{"name":"wp","href":"https:\/\/api.w.org\/{rel}","templated":true}]}}