{"id":132,"date":"2026-03-06T12:43:34","date_gmt":"2026-03-06T12:43:34","guid":{"rendered":"https:\/\/centreisis.com\/?page_id=132"},"modified":"2026-03-09T12:24:52","modified_gmt":"2026-03-09T12:24:52","slug":"manicura-pedicura","status":"publish","type":"page","link":"https:\/\/nefer.es\/index.php\/manicura-pedicura\/","title":{"rendered":"Manicura &#038; Pedicura"},"content":{"rendered":"\n<p class=\"has-text-align-center\">El&nbsp;<strong>cuidado de las&nbsp; manos y los pies<\/strong>&nbsp;est\u00e1 cada vez m\u00e1s extendido como un paso m\u00e1s dentro del ritual b\u00e1sico de belleza. En nuestro centro tenemos una extensa gama de tratamientos de manicura y pedicura.<\/p>\n\n\n\n<p class=\"has-text-align-center\">Deja que<strong>&nbsp;nuestro equipo de expertas<\/strong>&nbsp;te den los<strong>&nbsp;mejores cuidados<\/strong>&nbsp;que tu te mereces.<\/p>\n\n\n\n<h4 class=\"wp-block-heading has-text-align-center\">Encuentra el tratamiento que necesitas para<strong>&nbsp;mimar tus manos y tus pies.<\/strong><\/h4>\n\n\n\n<hr class=\"wp-block-separator has-alpha-channel-opacity\"\/>\n\n\n\n<h4 class=\"wp-block-heading has-text-align-center\">Manicura<\/h4>\n\n\n\n<p class=\"has-text-align-center\">Las manos son la carta de presentaci\u00f3n de cualquier persona. Por ello, es muy importante mantenerlas siempre en buen estado ya que siempre se encuentran a la vista.<\/p>\n\n\n\n<p class=\"has-text-align-center\">Para mantener unas manos cuidadas y bonitas es fundamental realizar a menudo un buen servicio de manicura.<\/p>\n\n\n\n<p class=\"has-text-align-center\">Con nuestros mejores productos CND (Shellac y Vinylux) podr\u00e1s lucir una manicura espectacular.<\/p>\n\n\n<div class=\"wp-block-image\">\n<figure class=\"aligncenter is-resized\"><img decoding=\"async\" src=\"https:\/\/i0.wp.com\/centreisis.es\/wp-content\/uploads\/2021\/09\/Captura_manicura.jpg?resize=361%2C248&amp;ssl=1\" alt=\"\" class=\"wp-image-909\" style=\"aspect-ratio:1.455673870581564;width:307px;height:auto\" title=\"Captura_manicura\"\/><\/figure>\n<\/div>\n\n\n<details class=\"wp-block-details\"><summary><strong><mark style=\"background-color:rgba(0, 0, 0, 0)\" class=\"has-inline-color has-luminous-vivid-orange-color is-layout-flow wp-block-details-is-layout-flow\">Limar + Pintar Vinylux<\/mark><\/strong><\/summary>\n<p>Esmaltado normal con CND Vinylux, con una durabilidad entre 7 y 10 d\u00edas, secado al aire.<\/p>\n\n\n\n<p>\u2013 Esmaltado de u\u00f1as con esmalte normal CND Vinylux<\/p>\n\n\n\n<p>\u2013 Cortado y limado de u\u00f1as.<\/p>\n\n\n\n<p>\u2013 Aplicaci\u00f3n de aceite de cut\u00edculas.<\/p>\n\n\n\n<p>\u2013 Cortado y limado de u\u00f1as.<\/p>\n\n\n\n<p>\u2013 Tratamiento de cut\u00edculas.<\/p>\n\n\n\n<p>\u2013 Esmaltado de u\u00f1as con esmaltado semipermanente CND Shellac.<\/p>\n\n\n\n<p>\u2013 Aplicaci\u00f3n de crema de manos con masaje.<\/p>\n<\/details>\n\n\n\n<details class=\"wp-block-details\"><summary><strong><mark style=\"background-color:rgba(0, 0, 0, 0)\" class=\"has-inline-color has-luminous-vivid-orange-color is-layout-flow wp-block-details-is-layout-flow\">Limar + CND SHELLAC<\/mark><\/strong><\/summary>\n<p>Manicura completa donde trabajamos las cut\u00edculas y esmaltado la u\u00f1a con un esmaltado semipermanente SND Shellac.&nbsp;<\/p>\n\n\n\n<p>\u2013 Aplicaci\u00f3n de aceite de cut\u00edculas.<\/p>\n\n\n\n<p>\u2013 Cortado y limado de u\u00f1as.<\/p>\n\n\n\n<p>\u2013 Tratamiento de cut\u00edculas.<\/p>\n\n\n\n<p>\u2013 Esmaltado de u\u00f1as con esmaltado semipermanente CND Shellac.<\/p>\n\n\n\n<p>\u2013 Aplicaci\u00f3n de crema de manos con masaje.<\/p>\n<\/details>\n\n\n\n<details class=\"wp-block-details\"><summary><strong><mark style=\"background-color:rgba(0, 0, 0, 0)\" class=\"has-inline-color has-luminous-vivid-orange-color is-layout-flow wp-block-details-is-layout-flow\">Limar + CND SHELLAC<\/mark><\/strong><\/summary>\n<p>Manicura completa donde trabajamos las cut\u00edculas y esmaltado la u\u00f1a con un esmaltado semipermanente SND Shellac.&nbsp;<\/p>\n\n\n\n<p>\u2013 Aplicaci\u00f3n de aceite de cut\u00edculas.<\/p>\n\n\n\n<p>\u2013 Cortado y limado de u\u00f1as.<\/p>\n\n\n\n<p>\u2013 Tratamiento de cut\u00edculas.<\/p>\n\n\n\n<p>\u2013 Esmaltado de u\u00f1as con esmaltado semipermanente CND Shellac.<\/p>\n\n\n\n<p>\u2013 Aplicaci\u00f3n de crema de manos con masaje.<\/p>\n<\/details>\n\n\n\n<details class=\"wp-block-details\"><summary><strong><mark style=\"background-color:rgba(0, 0, 0, 0)\" class=\"has-inline-color has-luminous-vivid-orange-color is-layout-flow wp-block-details-is-layout-flow\">Limar + CND SHELLAC<\/mark><\/strong><\/summary>\n<p>Manicura completa donde trabajamos las cut\u00edculas y esmaltado la u\u00f1a con un esmaltado semipermanente SND Shellac.&nbsp;<\/p>\n\n\n\n<p>\u2013 Aplicaci\u00f3n de aceite de cut\u00edculas.<\/p>\n\n\n\n<p>\u2013 Cortado y limado de u\u00f1as.<\/p>\n\n\n\n<p>\u2013 Tratamiento de cut\u00edculas.<\/p>\n\n\n\n<p>\u2013 Esmaltado de u\u00f1as con esmaltado semipermanente CND Shellac.<\/p>\n\n\n\n<p>\u2013 Aplicaci\u00f3n de crema de manos con masaje.<\/p>\n<\/details>\n\n\n\n<details class=\"wp-block-details\"><summary><strong><mark style=\"background-color:rgba(0, 0, 0, 0)\" class=\"has-inline-color has-luminous-vivid-orange-color is-layout-flow wp-block-details-is-layout-flow\">Limar + CND SHELLAC<\/mark><\/strong><\/summary>\n<p>Manicura completa donde trabajamos las cut\u00edculas y esmaltado la u\u00f1a con un esmaltado semipermanente SND Shellac.&nbsp;<\/p>\n\n\n\n<p>\u2013 Aplicaci\u00f3n de aceite de cut\u00edculas.<\/p>\n\n\n\n<p>\u2013 Cortado y limado de u\u00f1as.<\/p>\n\n\n\n<p>\u2013 Tratamiento de cut\u00edculas.<\/p>\n\n\n\n<p>\u2013 Esmaltado de u\u00f1as con esmaltado semipermanente CND Shellac.<\/p>\n\n\n\n<p>\u2013 Aplicaci\u00f3n de crema de manos con masaje.<\/p>\n<\/details>\n\n\n\n<details class=\"wp-block-details\"><summary><strong><mark style=\"background-color:rgba(0, 0, 0, 0)\" class=\"has-inline-color has-luminous-vivid-orange-color is-layout-flow wp-block-details-is-layout-flow\">Limar + CND SHELLAC<\/mark><\/strong><\/summary>\n<p>Manicura completa donde trabajamos las cut\u00edculas y esmaltado la u\u00f1a con un esmaltado semipermanente SND Shellac.&nbsp;<\/p>\n\n\n\n<p>\u2013 Aplicaci\u00f3n de aceite de cut\u00edculas.<\/p>\n\n\n\n<p>\u2013 Cortado y limado de u\u00f1as.<\/p>\n\n\n\n<p>\u2013 Tratamiento de cut\u00edculas.<\/p>\n\n\n\n<p>\u2013 Esmaltado de u\u00f1as con esmaltado semipermanente CND Shellac.<\/p>\n\n\n\n<p>\u2013 Aplicaci\u00f3n de crema de manos con masaje.<\/p>\n<\/details>\n\n\n\n<details class=\"wp-block-details\"><summary><strong><mark style=\"background-color:rgba(0, 0, 0, 0)\" class=\"has-inline-color has-luminous-vivid-orange-color is-layout-flow wp-block-details-is-layout-flow\">Limar + CND SHELLAC<\/mark><\/strong><\/summary>\n<p>Manicura completa donde trabajamos las cut\u00edculas y esmaltado la u\u00f1a con un esmaltado semipermanente SND Shellac.&nbsp;<\/p>\n\n\n\n<p>\u2013 Aplicaci\u00f3n de aceite de cut\u00edculas.<\/p>\n\n\n\n<p>\u2013 Cortado y limado de u\u00f1as.<\/p>\n\n\n\n<p>\u2013 Tratamiento de cut\u00edculas.<\/p>\n\n\n\n<p>\u2013 Esmaltado de u\u00f1as con esmaltado semipermanente CND Shellac.<\/p>\n\n\n\n<p>\u2013 Aplicaci\u00f3n de crema de manos con masaje.<\/p>\n<\/details>\n\n\n\n<details class=\"wp-block-details\"><summary><strong><mark style=\"background-color:rgba(0, 0, 0, 0)\" class=\"has-inline-color has-luminous-vivid-orange-color is-layout-flow wp-block-details-is-layout-flow\">Limar + CND SHELLAC<\/mark><\/strong><\/summary>\n<p>Manicura completa donde trabajamos las cut\u00edculas y esmaltado la u\u00f1a con un esmaltado semipermanente SND Shellac.&nbsp;<\/p>\n\n\n\n<p>\u2013 Aplicaci\u00f3n de aceite de cut\u00edculas.<\/p>\n\n\n\n<p>\u2013 Cortado y limado de u\u00f1as.<\/p>\n\n\n\n<p>\u2013 Tratamiento de cut\u00edculas.<\/p>\n\n\n\n<p>\u2013 Esmaltado de u\u00f1as con esmaltado semipermanente CND Shellac.<\/p>\n\n\n\n<p>\u2013 Aplicaci\u00f3n de crema de manos con masaje.<\/p>\n<\/details>\n\n\n\n<details class=\"wp-block-details\"><summary><strong><mark style=\"background-color:rgba(0, 0, 0, 0)\" class=\"has-inline-color has-luminous-vivid-orange-color is-layout-flow wp-block-details-is-layout-flow\">Limar + CND SHELLAC<\/mark><\/strong><\/summary>\n<p>Manicura completa donde trabajamos las cut\u00edculas y esmaltado la u\u00f1a con un esmaltado semipermanente SND Shellac.&nbsp;<\/p>\n\n\n\n<p>\u2013 Aplicaci\u00f3n de aceite de cut\u00edculas.<\/p>\n\n\n\n<p>\u2013 Cortado y limado de u\u00f1as.<\/p>\n\n\n\n<p>\u2013 Tratamiento de cut\u00edculas.<\/p>\n\n\n\n<p>\u2013 Esmaltado de u\u00f1as con esmaltado semipermanente CND Shellac.<\/p>\n\n\n\n<p>\u2013 Aplicaci\u00f3n de crema de manos con masaje.<\/p>\n<\/details>\n\n\n\n<h5 class=\"wp-block-heading\">Limar + retirar piel + Pintar Vinylux<\/h5>\n\n\n\n<h5 class=\"wp-block-heading\">Limar + retirar piel + CND SHELLAC<\/h5>\n\n\n\n<h5 class=\"wp-block-heading\">Manicura + Vinylux<\/h5>\n\n\n\n<h5 class=\"wp-block-heading\">Manicura + CND SHELLAC<\/h5>\n\n\n\n<h5 class=\"wp-block-heading\">Retirar Esmalte Semipermanente<\/h5>\n\n\n\n<h5 class=\"wp-block-heading\">U\u00f1as de gel<\/h5>\n\n\n\n<h5 class=\"wp-block-heading\">Relleno u\u00f1as de Gel<\/h5>\n\n\n\n<h5 class=\"wp-block-heading\">Retirado U\u00f1as de Gel<\/h5>\n\n\n\n<hr class=\"wp-block-separator has-alpha-channel-opacity\"\/>\n\n\n\n<h4 class=\"wp-block-heading\">Pedicura<\/h4>\n\n\n\n<figure class=\"wp-block-image is-resized\"><img decoding=\"async\" src=\"https:\/\/i0.wp.com\/centreisis.es\/wp-content\/uploads\/2021\/09\/Captura_pedicura.jpg?resize=419%2C261&amp;ssl=1\" alt=\"\" class=\"wp-image-913\" style=\"aspect-ratio:1.605400227504041;width:340px;height:auto\" title=\"Captura_pedicura\"\/><\/figure>\n\n\n\n<p id=\"tw-target-text\">Los pies a pesar de ser una de las partes m\u00e1s importantes de nuestro cuerpo, muchas veces no les prestamos la atenci\u00f3n que se merecen.&nbsp;Nos apoyamos en ellos durante todo el d\u00eda, nos llevan a todas partes ya veces incluso sufren la tortura de unos zapatos inadecuadas. Por ello, es muy importante mantenerlos siempre en buen estado.<\/p>\n\n\n\n<p>Para mantener unos pies cuidados y bonitos es fundamental realizar a menudo un buen servicio de pedicura.<\/p>\n\n\n\n<p>Con nuestros mejores productos CND (Shellac y Vinylux) podr\u00e1s lucir una pedicura espectacular.<\/p>\n\n\n\n<h5 class=\"wp-block-heading\">Limar + Pintar Vinylux<\/h5>\n\n\n\n<h5 class=\"wp-block-heading\">Limar + retirar piel + Pintar Vinylux<\/h5>\n\n\n\n<h5 class=\"wp-block-heading\">Limar + CND SHELLAC<\/h5>\n\n\n\n<h5 class=\"wp-block-heading\">Limar+ retirar piel + CND SHELLAC<\/h5>\n\n\n\n<h5 class=\"wp-block-heading\">Pedicura + Vinylux<\/h5>\n\n\n\n<h5 class=\"wp-block-heading\">Pedicura + CND Shellac<\/h5>\n\n\n\n<h5 class=\"wp-block-heading\">Pedicura SPA (parafina)<\/h5>\n\n\n\n<h5 class=\"wp-block-heading\">Pedicura SPA (parafina) + Vinylux<\/h5>\n\n\n\n<h5 class=\"wp-block-heading\">Pedicura PLUS (elaborada) + Vinylux.<\/h5>\n\n\n\n<p><\/p>\n","protected":false},"excerpt":{"rendered":"<p>El&nbsp;cuidado de las&nbsp; manos y los pies&nbsp;est\u00e1 cada vez m\u00e1s extendido como un paso m\u00e1s dentro del ritual b\u00e1sico de belleza. En nuestro centro tenemos una extensa gama de tratamientos de manicura y pedicura. Deja que&nbsp;nuestro equipo de expertas&nbsp;te den los&nbsp;mejores cuidados&nbsp;que tu te mereces. Encuentra el tratamiento que necesitas para&nbsp;mimar tus manos y tus&hellip;&nbsp;<\/p>\n","protected":false},"author":1,"featured_media":0,"parent":0,"menu_order":0,"comment_status":"closed","ping_status":"closed","template":"","meta":{"neve_meta_sidebar":"","neve_meta_container":"","neve_meta_enable_content_width":"","neve_meta_content_width":0,"neve_meta_title_alignment":"","neve_meta_author_avatar":"","neve_post_elements_order":"","neve_meta_disable_header":"","neve_meta_disable_footer":"","neve_meta_disable_title":"","footnotes":""},"class_list":["post-132","page","type-page","status-publish","hentry"],"yoast_head":"<!-- This site is optimized with the Yoast SEO plugin v27.5 - https:\/\/yoast.com\/product\/yoast-seo-wordpress\/ -->\n<title>Manicura &amp; Pedicura - centre nefer<\/title>\n<meta name=\"robots\" content=\"index, follow, max-snippet:-1, max-image-preview:large, max-video-preview:-1\" \/>\n<link rel=\"canonical\" href=\"https:\/\/nefer.es\/index.php\/manicura-pedicura\/\" \/>\n<meta property=\"og:locale\" content=\"es_ES\" \/>\n<meta property=\"og:type\" content=\"article\" \/>\n<meta property=\"og:title\" content=\"Manicura &amp; Pedicura - centre nefer\" \/>\n<meta property=\"og:description\" content=\"El&nbsp;cuidado de las&nbsp; manos y los pies&nbsp;est\u00e1 cada vez m\u00e1s extendido como un paso m\u00e1s dentro del ritual b\u00e1sico de belleza. En nuestro centro tenemos una extensa gama de tratamientos de manicura y pedicura. Deja que&nbsp;nuestro equipo de expertas&nbsp;te den los&nbsp;mejores cuidados&nbsp;que tu te mereces. Encuentra el tratamiento que necesitas para&nbsp;mimar tus manos y tus&hellip;&nbsp;\" \/>\n<meta property=\"og:url\" content=\"https:\/\/nefer.es\/index.php\/manicura-pedicura\/\" \/>\n<meta property=\"og:site_name\" content=\"centre nefer\" \/>\n<meta property=\"article:modified_time\" content=\"2026-03-09T12:24:52+00:00\" \/>\n<meta property=\"og:image\" content=\"https:\/\/i0.wp.com\/centreisis.es\/wp-content\/uploads\/2021\/09\/Captura_manicura.jpg?resize=361%2C248&amp;ssl=1\" \/>\n<meta name=\"twitter:card\" content=\"summary_large_image\" \/>\n<meta name=\"twitter:label1\" content=\"Tiempo de lectura\" \/>\n\t<meta name=\"twitter:data1\" content=\"4 minutos\" \/>\n<script type=\"application\/ld+json\" class=\"yoast-schema-graph\">{\"@context\":\"https:\\\/\\\/schema.org\",\"@graph\":[{\"@type\":\"WebPage\",\"@id\":\"https:\\\/\\\/nefer.es\\\/index.php\\\/manicura-pedicura\\\/\",\"url\":\"https:\\\/\\\/nefer.es\\\/index.php\\\/manicura-pedicura\\\/\",\"name\":\"Manicura & Pedicura - centre nefer\",\"isPartOf\":{\"@id\":\"https:\\\/\\\/nefer.es\\\/#website\"},\"primaryImageOfPage\":{\"@id\":\"https:\\\/\\\/nefer.es\\\/index.php\\\/manicura-pedicura\\\/#primaryimage\"},\"image\":{\"@id\":\"https:\\\/\\\/nefer.es\\\/index.php\\\/manicura-pedicura\\\/#primaryimage\"},\"thumbnailUrl\":\"https:\\\/\\\/i0.wp.com\\\/centreisis.es\\\/wp-content\\\/uploads\\\/2021\\\/09\\\/Captura_manicura.jpg?resize=361%2C248&amp;ssl=1\",\"datePublished\":\"2026-03-06T12:43:34+00:00\",\"dateModified\":\"2026-03-09T12:24:52+00:00\",\"breadcrumb\":{\"@id\":\"https:\\\/\\\/nefer.es\\\/index.php\\\/manicura-pedicura\\\/#breadcrumb\"},\"inLanguage\":\"es\",\"potentialAction\":[{\"@type\":\"ReadAction\",\"target\":[\"https:\\\/\\\/nefer.es\\\/index.php\\\/manicura-pedicura\\\/\"]}]},{\"@type\":\"ImageObject\",\"inLanguage\":\"es\",\"@id\":\"https:\\\/\\\/nefer.es\\\/index.php\\\/manicura-pedicura\\\/#primaryimage\",\"url\":\"https:\\\/\\\/i0.wp.com\\\/centreisis.es\\\/wp-content\\\/uploads\\\/2021\\\/09\\\/Captura_manicura.jpg?resize=361%2C248&amp;ssl=1\",\"contentUrl\":\"https:\\\/\\\/i0.wp.com\\\/centreisis.es\\\/wp-content\\\/uploads\\\/2021\\\/09\\\/Captura_manicura.jpg?resize=361%2C248&amp;ssl=1\"},{\"@type\":\"BreadcrumbList\",\"@id\":\"https:\\\/\\\/nefer.es\\\/index.php\\\/manicura-pedicura\\\/#breadcrumb\",\"itemListElement\":[{\"@type\":\"ListItem\",\"position\":1,\"name\":\"Portada\",\"item\":\"https:\\\/\\\/nefer.es\\\/\"},{\"@type\":\"ListItem\",\"position\":2,\"name\":\"Manicura &#038; Pedicura\"}]},{\"@type\":\"WebSite\",\"@id\":\"https:\\\/\\\/nefer.es\\\/#website\",\"url\":\"https:\\\/\\\/nefer.es\\\/\",\"name\":\"centre nefer\",\"description\":\"\",\"publisher\":{\"@id\":\"https:\\\/\\\/nefer.es\\\/#organization\"},\"potentialAction\":[{\"@type\":\"SearchAction\",\"target\":{\"@type\":\"EntryPoint\",\"urlTemplate\":\"https:\\\/\\\/nefer.es\\\/?s={search_term_string}\"},\"query-input\":{\"@type\":\"PropertyValueSpecification\",\"valueRequired\":true,\"valueName\":\"search_term_string\"}}],\"inLanguage\":\"es\"},{\"@type\":\"Organization\",\"@id\":\"https:\\\/\\\/nefer.es\\\/#organization\",\"name\":\"centre nefer\",\"url\":\"https:\\\/\\\/nefer.es\\\/\",\"logo\":{\"@type\":\"ImageObject\",\"inLanguage\":\"es\",\"@id\":\"https:\\\/\\\/nefer.es\\\/#\\\/schema\\\/logo\\\/image\\\/\",\"url\":\"https:\\\/\\\/nefer.es\\\/wp-content\\\/uploads\\\/2026\\\/03\\\/cropped-logo-isis-dual-natura-1.jpg\",\"contentUrl\":\"https:\\\/\\\/nefer.es\\\/wp-content\\\/uploads\\\/2026\\\/03\\\/cropped-logo-isis-dual-natura-1.jpg\",\"width\":711,\"height\":534,\"caption\":\"centre nefer\"},\"image\":{\"@id\":\"https:\\\/\\\/nefer.es\\\/#\\\/schema\\\/logo\\\/image\\\/\"}}]}<\/script>\n<!-- \/ Yoast SEO plugin. -->","yoast_head_json":{"title":"Manicura & Pedicura - centre nefer","robots":{"index":"index","follow":"follow","max-snippet":"max-snippet:-1","max-image-preview":"max-image-preview:large","max-video-preview":"max-video-preview:-1"},"canonical":"https:\/\/nefer.es\/index.php\/manicura-pedicura\/","og_locale":"es_ES","og_type":"article","og_title":"Manicura & Pedicura - centre nefer","og_description":"El&nbsp;cuidado de las&nbsp; manos y los pies&nbsp;est\u00e1 cada vez m\u00e1s extendido como un paso m\u00e1s dentro del ritual b\u00e1sico de belleza. En nuestro centro tenemos una extensa gama de tratamientos de manicura y pedicura. Deja que&nbsp;nuestro equipo de expertas&nbsp;te den los&nbsp;mejores cuidados&nbsp;que tu te mereces. Encuentra el tratamiento que necesitas para&nbsp;mimar tus manos y tus&hellip;&nbsp;","og_url":"https:\/\/nefer.es\/index.php\/manicura-pedicura\/","og_site_name":"centre nefer","article_modified_time":"2026-03-09T12:24:52+00:00","og_image":[{"url":"https:\/\/i0.wp.com\/centreisis.es\/wp-content\/uploads\/2021\/09\/Captura_manicura.jpg?resize=361%2C248&amp;ssl=1","type":"","width":"","height":""}],"twitter_card":"summary_large_image","twitter_misc":{"Tiempo de lectura":"4 minutos"},"schema":{"@context":"https:\/\/schema.org","@graph":[{"@type":"WebPage","@id":"https:\/\/nefer.es\/index.php\/manicura-pedicura\/","url":"https:\/\/nefer.es\/index.php\/manicura-pedicura\/","name":"Manicura & Pedicura - centre nefer","isPartOf":{"@id":"https:\/\/nefer.es\/#website"},"primaryImageOfPage":{"@id":"https:\/\/nefer.es\/index.php\/manicura-pedicura\/#primaryimage"},"image":{"@id":"https:\/\/nefer.es\/index.php\/manicura-pedicura\/#primaryimage"},"thumbnailUrl":"https:\/\/i0.wp.com\/centreisis.es\/wp-content\/uploads\/2021\/09\/Captura_manicura.jpg?resize=361%2C248&amp;ssl=1","datePublished":"2026-03-06T12:43:34+00:00","dateModified":"2026-03-09T12:24:52+00:00","breadcrumb":{"@id":"https:\/\/nefer.es\/index.php\/manicura-pedicura\/#breadcrumb"},"inLanguage":"es","potentialAction":[{"@type":"ReadAction","target":["https:\/\/nefer.es\/index.php\/manicura-pedicura\/"]}]},{"@type":"ImageObject","inLanguage":"es","@id":"https:\/\/nefer.es\/index.php\/manicura-pedicura\/#primaryimage","url":"https:\/\/i0.wp.com\/centreisis.es\/wp-content\/uploads\/2021\/09\/Captura_manicura.jpg?resize=361%2C248&amp;ssl=1","contentUrl":"https:\/\/i0.wp.com\/centreisis.es\/wp-content\/uploads\/2021\/09\/Captura_manicura.jpg?resize=361%2C248&amp;ssl=1"},{"@type":"BreadcrumbList","@id":"https:\/\/nefer.es\/index.php\/manicura-pedicura\/#breadcrumb","itemListElement":[{"@type":"ListItem","position":1,"name":"Portada","item":"https:\/\/nefer.es\/"},{"@type":"ListItem","position":2,"name":"Manicura &#038; Pedicura"}]},{"@type":"WebSite","@id":"https:\/\/nefer.es\/#website","url":"https:\/\/nefer.es\/","name":"centre nefer","description":"","publisher":{"@id":"https:\/\/nefer.es\/#organization"},"potentialAction":[{"@type":"SearchAction","target":{"@type":"EntryPoint","urlTemplate":"https:\/\/nefer.es\/?s={search_term_string}"},"query-input":{"@type":"PropertyValueSpecification","valueRequired":true,"valueName":"search_term_string"}}],"inLanguage":"es"},{"@type":"Organization","@id":"https:\/\/nefer.es\/#organization","name":"centre nefer","url":"https:\/\/nefer.es\/","logo":{"@type":"ImageObject","inLanguage":"es","@id":"https:\/\/nefer.es\/#\/schema\/logo\/image\/","url":"https:\/\/nefer.es\/wp-content\/uploads\/2026\/03\/cropped-logo-isis-dual-natura-1.jpg","contentUrl":"https:\/\/nefer.es\/wp-content\/uploads\/2026\/03\/cropped-logo-isis-dual-natura-1.jpg","width":711,"height":534,"caption":"centre nefer"},"image":{"@id":"https:\/\/nefer.es\/#\/schema\/logo\/image\/"}}]}},"jetpack_sharing_enabled":true,"_links":{"self":[{"href":"https:\/\/nefer.es\/index.php\/wp-json\/wp\/v2\/pages\/132","targetHints":{"allow":["GET"]}}],"collection":[{"href":"https:\/\/nefer.es\/index.php\/wp-json\/wp\/v2\/pages"}],"about":[{"href":"https:\/\/nefer.es\/index.php\/wp-json\/wp\/v2\/types\/page"}],"author":[{"embeddable":true,"href":"https:\/\/nefer.es\/index.php\/wp-json\/wp\/v2\/users\/1"}],"replies":[{"embeddable":true,"href":"https:\/\/nefer.es\/index.php\/wp-json\/wp\/v2\/comments?post=132"}],"version-history":[{"count":3,"href":"https:\/\/nefer.es\/index.php\/wp-json\/wp\/v2\/pages\/132\/revisions"}],"predecessor-version":[{"id":211,"href":"https:\/\/nefer.es\/index.php\/wp-json\/wp\/v2\/pages\/132\/revisions\/211"}],"wp:attachment":[{"href":"https:\/\/nefer.es\/index.php\/wp-json\/wp\/v2\/media?parent=132"}],"curies":[{"name":"wp","href":"https:\/\/api.w.org\/{rel}","templated":true}]}}